{"id":1238,"date":"2018-09-19T11:46:15","date_gmt":"2018-09-19T11:46:15","guid":{"rendered":"https:\/\/www.ifprl.com\/inicio\/"},"modified":"2023-09-28T14:53:16","modified_gmt":"2023-09-28T14:53:16","slug":"hasiera","status":"publish","type":"page","link":"http:\/\/www.ifprl.com\/eu\/","title":{"rendered":"Hasiera"},"content":{"rendered":"<div id='full_slider_1'  class='avia-fullwidth-slider main_color avia-shadow   avia-builder-el-0  el_before_av_section  avia-builder-el-first   container_wrap sidebar_right'  ><div  class='avia-slideshow av-law8vcjj-eaa9a02fe1fb5380203340a970b0b995 avia-slideshow-featured av_slideshow_full avia-slide-slider av-slideshow-ui av-control-default av-slideshow-manual av-loop-once av-loop-manual-endless av-default-height-applied   avia-slideshow-1' data-slideshow-options=\"{&quot;animation&quot;:&quot;slide&quot;,&quot;autoplay&quot;:false,&quot;loop_autoplay&quot;:&quot;once&quot;,&quot;interval&quot;:5,&quot;loop_manual&quot;:&quot;manual-endless&quot;,&quot;autoplay_stopper&quot;:false,&quot;noNavigation&quot;:false,&quot;bg_slider&quot;:false,&quot;keep_padding&quot;:false,&quot;hoverpause&quot;:false,&quot;show_slide_delay&quot;:0}\"  itemprop=\"image\" itemscope=\"itemscope\" itemtype=\"https:\/\/schema.org\/ImageObject\" ><ul class='avia-slideshow-inner ' style='padding-bottom: 28.666666666667%;'><li  data-controls='' data-mute='aviaTBaviaTBvideo_mute' data-loop='aviaTBaviaTBvideo_loop' data-disable-autoplay=''  data-mobile-img='http:\/\/www.ifprl.com\/wp-content\/uploads\/2018\/09\/IFPRL\u00a9-r-1500x430.jpg' data-fallback-link='https:\/\/' data-video-height='197' data-video-toppos='-48.5' data-video-ratio='3.4883720930233' class='avia-slideshow-slide av-law8vcjj-eaa9a02fe1fb5380203340a970b0b995__0  av-video-slide  av-video-service-youtube  av-mute-video av-loop-video av-mobile-fallback-image  av-video-stretch av-single-slide slide-1 slide-odd'><div data-rel='slideshow-1' class='avia-slide-wrap ' style='background-image:url(\"http:\/\/www.ifprl.com\/wp-content\/uploads\/2018\/09\/IFPRL\u00a9-r-1500x430.jpg\");'  ><div class='av-slideshow-caption av-law8vcjj-eaa9a02fe1fb5380203340a970b0b995__0 caption_fullwidth caption_left caption_left_framed caption_framed'><div class=\"container caption_container\"><div class=\"slideshow_caption\"><div class=\"slideshow_inner_caption\"><div class=\"slideshow_align_caption\"><h2 class='avia-caption-title '  itemprop=\"name\" >Instituto Formaci\u00f3n Pr\u00e1ctica Riesgos Laborales<\/h2><div class='avia-caption-content '  itemprop=\"description\" ><p>Kanpoko Prebentzio Zerbitzua<br \/>\n<a href=\"https:\/\/www.ifprl.com\/eu\/instalazioak\/\">Ikusi Instalazioak<\/a><br \/>\n<a href=\"https:\/\/www.ifprl.com\/eu\/#video\">Ikusi bideoa<\/a><\/p>\n<\/div><\/div><\/div><\/div><\/div><\/div><div class='av-click-overlay'><\/div><div class='mejs-mediaelement'  itemprop=\"video\" itemtype=\"https:\/\/schema.org\/VideoObject\" ><div height='1600' width='900' class='av_youtube_frame' id='player_1238_1920776384_131175520'  data-autoplay='0'  data-videoid='Pqqh1Y-nbNg'  data-hd='1'  data-rel='0'  data-wmode='opaque'  data-loop='0'  data-version='3'  data-autohide='1'  data-color='white'  data-controls='1'  data-iv_load_policy='3'  data-original_url='https:\/\/youtu.be\/Pqqh1Y-nbNg' ><\/div><\/div><div class='av-section-color-overlay' style='opacity: 0.4; background-color: #0a0606; '><\/div><div class=\"av-click-to-play-overlay\"><div class=\"avia_playpause_icon\"><\/div><\/div><\/div><\/li><\/ul><\/div><\/div>\n\n<style type=\"text\/css\" data-created_by=\"avia_inline_auto\" id=\"style-css-av-j5fm0-4ecfae09d32f221c6d89165a1688f31e\">\n.avia-section.av-j5fm0-4ecfae09d32f221c6d89165a1688f31e{\nbackground-repeat:no-repeat;\nbackground-image:url(http:\/\/www.ifprl.com\/wp-content\/uploads\/2018\/09\/IFPRL\u00a9-r-845x321.jpg);\nbackground-position:50% 50%;\nbackground-attachment:scroll;\n}\n<\/style>\n<div id='av_section_1'  class='avia-section av-j5fm0-4ecfae09d32f221c6d89165a1688f31e main_color avia-section-no-padding avia-no-shadow  avia-builder-el-1  el_after_av_slideshow_full  el_before_av_section  av-desktop-hide av-medium-hide avia-full-stretch avia-bg-style-scroll container_wrap sidebar_right'  data-section-bg-repeat='stretch'><div class='container av-section-cont-open' ><div class='template-page content  av-content-small alpha units'><div class='post-entry post-entry-type-page post-entry-1238'><div class='entry-content-wrapper clearfix'>\n<section  class='av_textblock_section av-1uw44-f1fcbcd9fd698a613e0089c38fe6d8bb '   itemscope=\"itemscope\" itemtype=\"https:\/\/schema.org\/CreativeWork\" ><div class='avia_textblock'  itemprop=\"text\" ><\/div><\/section>\n\n<style type=\"text\/css\" data-created_by=\"avia_inline_auto\" id=\"style-css-av-i6ac0-50d68ecba4d0fca2b982ea3888ccafbe\">\n.avia-image-container.av-i6ac0-50d68ecba4d0fca2b982ea3888ccafbe img.avia_image{\nbox-shadow:none;\n}\n.avia-image-container.av-i6ac0-50d68ecba4d0fca2b982ea3888ccafbe .av-image-caption-overlay-center{\ncolor:#ffffff;\n}\n<\/style>\n<div  class='avia-image-container av-i6ac0-50d68ecba4d0fca2b982ea3888ccafbe av-styling- av-img-linked avia-align-center  avia-builder-el-3  el_after_av_textblock  el_before_av_one_third '   itemprop=\"image\" itemscope=\"itemscope\" itemtype=\"https:\/\/schema.org\/ImageObject\" ><div class=\"avia-image-container-inner\"><div class=\"avia-image-overlay-wrap\"><a href=\"http:\/\/www.ifprl.com\/instalaciones\/\" class='avia_image '  aria-label='Gravatar'><img class='wp-image-985 avia-img-lazy-loading-not-985 avia_image ' src=\"http:\/\/www.ifprl.com\/wp-content\/uploads\/2018\/09\/Gravatar.png\" alt='' title='Gravatar'  height=\"80\" width=\"80\"  itemprop=\"thumbnailUrl\" srcset=\"http:\/\/www.ifprl.com\/wp-content\/uploads\/2018\/09\/Gravatar.png 80w, http:\/\/www.ifprl.com\/wp-content\/uploads\/2018\/09\/Gravatar-36x36.png 36w\" sizes=\"(max-width: 80px) 100vw, 80px\" \/><\/a><\/div><\/div><\/div>\n\n<style type=\"text\/css\" data-created_by=\"avia_inline_auto\" id=\"style-css-av-1qvwg-11e2543b71a98afe780f1e232bedfb8e\">\n.flex_column.av-1qvwg-11e2543b71a98afe780f1e232bedfb8e{\nborder-radius:0px 0px 0px 0px;\npadding:0px 0px 0px 0px;\n}\n<\/style>\n<div  class='flex_column av-1qvwg-11e2543b71a98afe780f1e232bedfb8e av_one_third  avia-builder-el-4  el_after_av_image  el_before_av_one_third  first flex_column_div av-zero-column-padding  '     ><\/div>\n<style type=\"text\/css\" data-created_by=\"avia_inline_auto\" id=\"style-css-av-gvmxo-e5c0354d59365d7b1b7d8e06bef793cd\">\n.flex_column.av-gvmxo-e5c0354d59365d7b1b7d8e06bef793cd{\nborder-radius:8px 8px 8px 8px;\npadding:8 px 8 px 8 px 8 px;\nbackground-color:rgba(255,255,255,0.51);\n}\n<\/style>\n<div  class='flex_column av-gvmxo-e5c0354d59365d7b1b7d8e06bef793cd av_one_third  avia-builder-el-5  el_after_av_one_third  el_before_av_one_third  flex_column_div av-animated-generic bottom-to-top  '     ><section  class='av_textblock_section av-1n2v4-e55ccc7f947eb193db809ae94678140d '   itemscope=\"itemscope\" itemtype=\"https:\/\/schema.org\/CreativeWork\" ><div class='avia_textblock'  itemprop=\"text\" ><h2 style=\"text-align: center;\">Instituto Formaci\u00f3n Pr\u00e1ctica de Riesgos Laborales<\/h2>\n<\/div><\/section><\/div>\n<style type=\"text\/css\" data-created_by=\"avia_inline_auto\" id=\"style-css-av-flbf4-adc3dbc774441cf6cce52cde56855547\">\n.flex_column.av-flbf4-adc3dbc774441cf6cce52cde56855547{\nborder-radius:0px 0px 0px 0px;\npadding:0px 0px 0px 0px;\n}\n<\/style>\n<div  class='flex_column av-flbf4-adc3dbc774441cf6cce52cde56855547 av_one_third  avia-builder-el-7  el_after_av_one_third  el_before_av_button  flex_column_div av-zero-column-padding  '     ><\/div><div  class='avia-button-wrap av-f3a6w-090e4f1f03ff336bac5c46a9c826e5cf-wrap avia-button-center  avia-builder-el-8  el_after_av_one_third  el_before_av_button '><a href='http:\/\/www.ifprl.com\/eu\/'  class='avia-button av-f3a6w-090e4f1f03ff336bac5c46a9c826e5cf av-link-btn avia-icon_select-yes-left-icon avia-size-small avia-position-center avia-color-theme-color'   aria-label=\"IKUSI INSTALAZIOAK\"><span class='avia_button_icon avia_button_icon_left' aria-hidden='true' data-av_icon='\ue875' data-av_iconfont='entypo-fontello'><\/span><span class='avia_iconbox_title' >IKUSI INSTALAZIOAK<\/span><\/a><\/div>\n<div  class='avia-button-wrap av-ln3anywy-489eb414ad7dacae963bb92fbf5afa63-wrap avia-button-center  avia-builder-el-9  el_after_av_button  el_before_av_button '><a href='https:\/\/www.ifprl.com\/eu\/#video'  class='avia-button av-ln3anywy-489eb414ad7dacae963bb92fbf5afa63 av-link-btn avia-icon_select-yes-left-icon avia-size-small avia-position-center avia-color-theme-color'   aria-label=\"IKUSI BIDEOA\"><span class='avia_button_icon avia_button_icon_left' aria-hidden='true' data-av_icon='\ue875' data-av_iconfont='entypo-fontello'><\/span><span class='avia_iconbox_title' >IKUSI BIDEOA<\/span><\/a><\/div>\n<div  class='avia-button-wrap av-f3a6w-1fc1db82fbd31802b92a6f79bf10c823-wrap avia-button-center  avia-builder-el-10  el_after_av_button  avia-builder-el-last '><a href='http:\/\/www.ifprl.com\/eu\/'  class='avia-button av-f3a6w-1fc1db82fbd31802b92a6f79bf10c823 av-link-btn avia-icon_select-yes-left-icon avia-size-small avia-position-center avia-color-theme-color'   aria-label=\"DBLO KLAUSULA\"><span class='avia_button_icon avia_button_icon_left' aria-hidden='true' data-av_icon='\ue875' data-av_iconfont='entypo-fontello'><\/span><span class='avia_iconbox_title' >DBLO KLAUSULA<\/span><\/a><\/div>\n<\/div><\/div><\/div><!-- close content main div --><\/div><\/div><div id='av_section_2'  class='avia-section av-av_section-b2d889cc908147c5a47544f27799b370 main_color avia-section-default avia-no-border-styling  avia-builder-el-11  el_after_av_section  el_before_av_section  avia-bg-style-scroll container_wrap sidebar_right'  ><div class='container av-section-cont-open' ><div class='template-page content  av-content-small alpha units'><div class='post-entry post-entry-type-page post-entry-1238'><div class='entry-content-wrapper clearfix'>\n<div  class='flex_column av-av_three_fifth-692a56cb27b4036f41891925b87c1c70 av_three_fifth  avia-builder-el-12  el_before_av_two_fifth  avia-builder-el-first  first flex_column_div  '     ><p>\n<style type=\"text\/css\" data-created_by=\"avia_inline_auto\" id=\"style-css-av-av_heading-2d9c38b792b40d025b068b505ed2c28e\">\n#top .av-special-heading.av-av_heading-2d9c38b792b40d025b068b505ed2c28e{\npadding-bottom:10px;\n}\nbody .av-special-heading.av-av_heading-2d9c38b792b40d025b068b505ed2c28e .av-special-heading-tag .heading-char{\nfont-size:25px;\n}\n.av-special-heading.av-av_heading-2d9c38b792b40d025b068b505ed2c28e .special-heading-inner-border{\nborder-color:#000000;\n}\n.av-special-heading.av-av_heading-2d9c38b792b40d025b068b505ed2c28e .av-subheading{\nfont-size:17px;\n}\nbody .av-special-heading.av-av_heading-2d9c38b792b40d025b068b505ed2c28e .av-special-heading-tag .heading-wrap:before{\nborder-color:#000000;\n}\nbody .av-special-heading.av-av_heading-2d9c38b792b40d025b068b505ed2c28e .av-special-heading-tag .heading-wrap:after{\nborder-color:#000000;\n}\n<\/style>\n<div  class='av-special-heading av-av_heading-2d9c38b792b40d025b068b505ed2c28e av-special-heading-h3 custom-color-heading  avia-builder-el-13  el_before_av_hr  avia-builder-el-first '><h3 class='av-special-heading-tag '  itemprop=\"headline\"  >IFPRL ha recibido el Galard\u00f3n a las Buenas Pr\u00e1cticas en Seguridad y Salud Laboral otorgado por Foment del Treball Nacional<\/h3><div class=\"special-heading-border\"><div class=\"special-heading-inner-border\"><\/div><\/div><\/div><br \/>\n\n<style type=\"text\/css\" data-created_by=\"avia_inline_auto\" id=\"style-css-av-av_hr-45951185729ec98a26defe70f9e3b1b0\">\n#top .hr.av-av_hr-45951185729ec98a26defe70f9e3b1b0{\nmargin-top:5px;\nmargin-bottom:10px;\n}\n.hr.av-av_hr-45951185729ec98a26defe70f9e3b1b0 .hr-inner{\nwidth:100%;\nborder-color:#111111;\n}\n<\/style>\n<div  class='hr av-av_hr-45951185729ec98a26defe70f9e3b1b0 hr-custom  avia-builder-el-14  el_after_av_heading  el_before_av_textblock  hr-center hr-icon-no'><span class='hr-inner inner-border-av-border-thin'><span class=\"hr-inner-style\"><\/span><\/span><\/div><br \/>\n<section  class='av_textblock_section av-av_textblock-263a286a3ec605a4b845ded44ee74c94 '   itemscope=\"itemscope\" itemtype=\"https:\/\/schema.org\/CreativeWork\" ><div class='avia_textblock'  itemprop=\"text\" ><h5><em>Comprometidos con la mejora de la seguridad laboral<\/em><\/h5>\n<p>IFPRL ha recibido el <strong>Galard\u00f3n a las Buenas Pr\u00e1cticas en Seguridad y Salud Laboral<\/strong> en la categor\u00eda de formaci\u00f3n, otorgado por Foment del Treball Nacional. El jurado reconoci\u00f3 nuestro trabajo en el desarrollo del campus de teleformaci\u00f3n y la creaci\u00f3n de Notas T\u00e9cnicas de Prevenci\u00f3n, gu\u00edas t\u00e9cnicas y campa\u00f1as de informaci\u00f3n dirigidas a t\u00e9cnicos de PRL.<\/p>\n<\/div><\/section><br \/>\n<div  class='avia-button-wrap av-av_button-6d91aef54faef75511233a7664c8f5e8-wrap avia-button-right  avia-builder-el-16  el_after_av_textblock  avia-builder-el-last '><a href='http:\/\/www.ifprl.com\/ifprl-recibe-un-premio-por-las-buenas-practicas-en-seguridad-y-salud-laboral\/'  class='avia-button av-av_button-6d91aef54faef75511233a7664c8f5e8 av-link-btn avia-icon_select-yes-right-icon avia-size-small avia-position-right avia-color-theme-color'   aria-label=\"Saber m\u00e1s\"><span class='avia_iconbox_title' >Saber m\u00e1s<\/span><span class='avia_button_icon avia_button_icon_right' aria-hidden='true' data-av_icon='\ue87d' data-av_iconfont='entypo-fontello'><\/span><\/a><\/div><\/p><\/div><div  class='flex_column av-av_two_fifth-7bd3f5cd863a6256abcb544d7c276d96 av_two_fifth  avia-builder-el-17  el_after_av_three_fifth  avia-builder-el-last  flex_column_div  '     ><style type=\"text\/css\" data-created_by=\"avia_inline_auto\" id=\"style-css-av-av_image-39639b3ad52bb8339337cc062d6f3e6a\">\n.avia-image-container.av-av_image-39639b3ad52bb8339337cc062d6f3e6a img.avia_image{\nbox-shadow:none;\n}\n.avia-image-container.av-av_image-39639b3ad52bb8339337cc062d6f3e6a .av-image-caption-overlay-center{\ncolor:#ffffff;\n}\n<\/style>\n<div  class='avia-image-container av-av_image-39639b3ad52bb8339337cc062d6f3e6a av-styling- avia-align-center  avia-builder-el-18  avia-builder-el-no-sibling '   itemprop=\"image\" itemscope=\"itemscope\" itemtype=\"https:\/\/schema.org\/ImageObject\" ><div class=\"avia-image-container-inner\"><div class=\"avia-image-overlay-wrap\"><img class='wp-image-3196 avia-img-lazy-loading-not-3196 avia_image ' src=\"http:\/\/www.ifprl.com\/wp-content\/uploads\/2023\/09\/IFPRL-Premio-Cataluna-2.webp\" alt='' title='IFPRL-Premio-Catalun\u0303a-2'  height=\"450\" width=\"800\"  itemprop=\"thumbnailUrl\" srcset=\"http:\/\/www.ifprl.com\/wp-content\/uploads\/2023\/09\/IFPRL-Premio-Cataluna-2.webp 800w, http:\/\/www.ifprl.com\/wp-content\/uploads\/2023\/09\/IFPRL-Premio-Cataluna-2-300x169.webp 300w, http:\/\/www.ifprl.com\/wp-content\/uploads\/2023\/09\/IFPRL-Premio-Cataluna-2-768x432.webp 768w, http:\/\/www.ifprl.com\/wp-content\/uploads\/2023\/09\/IFPRL-Premio-Cataluna-2-705x397.webp 705w\" sizes=\"(max-width: 800px) 100vw, 800px\" \/><\/div><\/div><\/div><\/div>\n<\/p>\n<\/div><\/div><\/div><!-- close content main div --><\/div><\/div>\n<style type=\"text\/css\" data-created_by=\"avia_inline_auto\" id=\"style-css-av-ek5gg-edc54df0f889f9b03f8ce1c591afa276\">\n.avia-section.av-ek5gg-edc54df0f889f9b03f8ce1c591afa276{\nbackground-repeat:no-repeat;\nbackground-image:url(http:\/\/www.ifprl.com\/wp-content\/uploads\/2018\/09\/FRONTAL-TALLER\u00a9R.jpg);\nbackground-position:0% 0%;\nbackground-attachment:scroll;\n}\n.avia-section.av-ek5gg-edc54df0f889f9b03f8ce1c591afa276 .av-section-color-overlay{\nopacity:0.9;\nbackground-color:#feed01;\nbackground-image:url(http:\/\/www.ifprl.com\/wp-content\/themes\/enfold-24\/images\/background-images\/diagonal-bold-dark.png);\nbackground-repeat:repeat;\n}\n<\/style>\n<div id='av_section_3'  class='avia-section av-ek5gg-edc54df0f889f9b03f8ce1c591afa276 main_color avia-section-default avia-no-shadow  avia-builder-el-19  el_after_av_section  el_before_av_codeblock  avia-full-stretch avia-bg-style-scroll av-section-color-overlay-active av-minimum-height av-minimum-height-custom av-height-custom  container_wrap sidebar_right'  data-section-bg-repeat='stretch' data-av_minimum_height_px='500'><div class=\"av-section-color-overlay-wrap\"><div class=\"av-section-color-overlay\"><\/div><div class='container av-section-cont-open' style='height:500px'><div class='template-page content  av-content-small alpha units'><div class='post-entry post-entry-type-page post-entry-1238'><div class='entry-content-wrapper clearfix'>\n\n<style type=\"text\/css\" data-created_by=\"avia_inline_auto\" id=\"style-css-av-ea61k-893b509a275c209862db31ac8e7a7823\">\n.flex_column.av-ea61k-893b509a275c209862db31ac8e7a7823{\nborder-width:1px;\nborder-color:#fcfcfc;\nborder-style:solid;\nborder-radius:0px 0px 0px 0px;\npadding:30px 50px 30px 50px;\nbackground-color:#feed01;\n}\n<\/style>\n<div  class='flex_column av-ea61k-893b509a275c209862db31ac8e7a7823 av_one_full  avia-builder-el-20  avia-builder-el-no-sibling  first flex_column_div  '     ><section  class='av_textblock_section av-d9e78-9330841ce4d45830b54fd7a91309c48c '   itemscope=\"itemscope\" itemtype=\"https:\/\/schema.org\/CreativeWork\" ><div class='avia_textblock'  itemprop=\"text\" ><h3 style=\"text-align: center;\">BERRIAK<\/h3>\n<hr \/>\n<h3 style=\"text-align: center;\"><\/h3>\n<\/div><\/section><br \/>\n<div  data-slideshow-options=\"{&quot;animation&quot;:&quot;fade&quot;,&quot;autoplay&quot;:false,&quot;loop_autoplay&quot;:&quot;once&quot;,&quot;interval&quot;:&quot;10&quot;,&quot;loop_manual&quot;:&quot;manual-endless&quot;,&quot;autoplay_stopper&quot;:false,&quot;noNavigation&quot;:false,&quot;show_slide_delay&quot;:90}\" class='avia-content-slider avia-content-slider-active avia-content-slider1 avia-content-slider-odd  avia-builder-el-22  el_after_av_textblock  avia-builder-el-last  av-slideshow-ui av-control-default   av-no-slider-navigation av-slideshow-manual av-loop-once av-loop-manual-endless '  itemscope=\"itemscope\" itemtype=\"https:\/\/schema.org\/Blog\" ><div class=\"avia-content-slider-inner\"><div class=\"slide-entry-wrap\"><article class='slide-entry flex_column  post-entry post-entry-3057 slide-entry-overview slide-loop-1 slide-parity-odd  av_one_third first real-thumbnail posttype-post post-format-standard'  itemscope=\"itemscope\" itemtype=\"https:\/\/schema.org\/CreativeWork\" ><a href='http:\/\/www.ifprl.com\/eu\/ifprl-recibe-un-premio-por-las-buenas-practicas-en-seguridad-y-salud-laboral\/' data-rel='slide-1' class='slide-image' title='IFPRL recibe un premio por las buenas pr\u00e1cticas en Seguridad y Salud Laboral'><img width=\"495\" height=\"400\" src=\"http:\/\/www.ifprl.com\/wp-content\/uploads\/2022\/11\/IFPRL-Premio-Catalun\u0303a-495x400.jpg\" class=\"wp-image-3010 avia-img-lazy-loading-not-3010 attachment-portfolio size-portfolio wp-post-image\" alt=\"\" \/><\/a><div class=\"slide-content\"><header class=\"entry-content-header\" aria-label=\"Slide: IFPRL recibe un premio por las buenas pr\u00e1cticas en Seguridad y Salud Laboral\"><h3 class='slide-entry-title entry-title '  itemprop=\"headline\" ><a href='http:\/\/www.ifprl.com\/eu\/ifprl-recibe-un-premio-por-las-buenas-practicas-en-seguridad-y-salud-laboral\/' title='IFPRL recibe un premio por las buenas pr\u00e1cticas en Seguridad y Salud Laboral'>IFPRL recibe un premio por las buenas pr\u00e1cticas en Seguridad y Salud Laboral<\/a><\/h3><span class=\"av-vertical-delimiter\"><\/span><\/header><div class=\"slide-meta\"><time class='slide-meta-time updated'  itemprop=\"datePublished\" datetime=\"2025-10-24T15:57:57+00:00\" >24 October, 2025<\/time><\/div><div class='slide-entry-excerpt entry-content'  itemprop=\"text\" ><div class=\"read-more-link\"><a href=\"http:\/\/www.ifprl.com\/eu\/ifprl-recibe-un-premio-por-las-buenas-practicas-en-seguridad-y-salud-laboral\/\" class=\"more-link\">Read more<span class=\"more-link-arrow\"><\/span><\/a><\/div><\/div><\/div><footer class=\"entry-footer\"><\/footer><span class='hidden'>\n\t\t\t\t<span class='av-structured-data'  itemprop=\"image\" itemscope=\"itemscope\" itemtype=\"https:\/\/schema.org\/ImageObject\" >\n\t\t\t\t\t\t<span itemprop='url'>http:\/\/www.ifprl.com\/wp-content\/uploads\/2022\/11\/IFPRL-Premio-Catalun\u0303a.jpg<\/span>\n\t\t\t\t\t\t<span itemprop='height'>800<\/span>\n\t\t\t\t\t\t<span itemprop='width'>800<\/span>\n\t\t\t\t<\/span>\n\t\t\t\t<span class='av-structured-data'  itemprop=\"publisher\" itemtype=\"https:\/\/schema.org\/Organization\" itemscope=\"itemscope\" >\n\t\t\t\t\t\t<span itemprop='name'>IFPRL<\/span>\n\t\t\t\t\t\t<span itemprop='logo' itemscope itemtype='https:\/\/schema.org\/ImageObject'>\n\t\t\t\t\t\t\t<span itemprop='url'>http:\/\/ifprl.com\/wp-content\/uploads\/2018\/09\/IFPRL-logo-p.jpg<\/span>\n\t\t\t\t\t\t<\/span>\n\t\t\t\t<\/span><span class='av-structured-data'  itemprop=\"author\" itemscope=\"itemscope\" itemtype=\"https:\/\/schema.org\/Person\" ><span itemprop='name'>IFPRL<\/span><\/span><span class='av-structured-data'  itemprop=\"datePublished\" datetime=\"2018-09-19T11:46:15+00:00\" >2025-10-24 15:57:57<\/span><span class='av-structured-data'  itemprop=\"dateModified\" itemtype=\"https:\/\/schema.org\/dateModified\" >2026-01-15 15:19:56<\/span><span class='av-structured-data'  itemprop=\"mainEntityOfPage\" itemtype=\"https:\/\/schema.org\/mainEntityOfPage\" ><span itemprop='name'>IFPRL recibe un premio por las buenas pr\u00e1cticas en Seguridad y Salud Laboral<\/span><\/span><\/span><\/article><article class='slide-entry flex_column  post-entry post-entry-3271 slide-entry-overview slide-loop-2 slide-parity-even  av_one_third  real-thumbnail posttype-post post-format-standard'  itemscope=\"itemscope\" itemtype=\"https:\/\/schema.org\/CreativeWork\" ><a href='http:\/\/www.ifprl.com\/eu\/jornada-sobre-riesgo-electrico-en-colaboracion-con-cebek\/' data-rel='slide-1' class='slide-image' title='Jornada sobre riesgo el\u00e9ctrico en colaboraci\u00f3n con CEBEK'><img width=\"495\" height=\"400\" src=\"http:\/\/www.ifprl.com\/wp-content\/uploads\/2023\/11\/jornada-Cebek-495x400.webp\" class=\"wp-image-3268 avia-img-lazy-loading-not-3268 attachment-portfolio size-portfolio wp-post-image\" alt=\"\" \/><\/a><div class=\"slide-content\"><header class=\"entry-content-header\" aria-label=\"Slide: Jornada sobre riesgo el\u00e9ctrico en colaboraci\u00f3n con CEBEK\"><h3 class='slide-entry-title entry-title '  itemprop=\"headline\" ><a href='http:\/\/www.ifprl.com\/eu\/jornada-sobre-riesgo-electrico-en-colaboracion-con-cebek\/' title='Jornada sobre riesgo el\u00e9ctrico en colaboraci\u00f3n con CEBEK'>Jornada sobre riesgo el\u00e9ctrico en colaboraci\u00f3n con CEBEK<\/a><\/h3><span class=\"av-vertical-delimiter\"><\/span><\/header><div class=\"slide-meta\"><time class='slide-meta-time updated'  itemprop=\"datePublished\" datetime=\"2023-11-02T17:09:11+00:00\" >2 November, 2023<\/time><\/div><div class='slide-entry-excerpt entry-content'  itemprop=\"text\" ><div class=\"read-more-link\"><a href=\"http:\/\/www.ifprl.com\/eu\/jornada-sobre-riesgo-electrico-en-colaboracion-con-cebek\/\" class=\"more-link\">Read more<span class=\"more-link-arrow\"><\/span><\/a><\/div><\/div><\/div><footer class=\"entry-footer\"><\/footer><span class='hidden'>\n\t\t\t\t<span class='av-structured-data'  itemprop=\"image\" itemscope=\"itemscope\" itemtype=\"https:\/\/schema.org\/ImageObject\" >\n\t\t\t\t\t\t<span itemprop='url'>http:\/\/www.ifprl.com\/wp-content\/uploads\/2023\/11\/jornada-Cebek.webp<\/span>\n\t\t\t\t\t\t<span itemprop='height'>800<\/span>\n\t\t\t\t\t\t<span itemprop='width'>800<\/span>\n\t\t\t\t<\/span>\n\t\t\t\t<span class='av-structured-data'  itemprop=\"publisher\" itemtype=\"https:\/\/schema.org\/Organization\" itemscope=\"itemscope\" >\n\t\t\t\t\t\t<span itemprop='name'>IFPRL<\/span>\n\t\t\t\t\t\t<span itemprop='logo' itemscope itemtype='https:\/\/schema.org\/ImageObject'>\n\t\t\t\t\t\t\t<span itemprop='url'>http:\/\/ifprl.com\/wp-content\/uploads\/2018\/09\/IFPRL-logo-p.jpg<\/span>\n\t\t\t\t\t\t<\/span>\n\t\t\t\t<\/span><span class='av-structured-data'  itemprop=\"author\" itemscope=\"itemscope\" itemtype=\"https:\/\/schema.org\/Person\" ><span itemprop='name'>IFPRL<\/span><\/span><span class='av-structured-data'  itemprop=\"datePublished\" datetime=\"2018-09-19T11:46:15+00:00\" >2023-11-02 17:09:11<\/span><span class='av-structured-data'  itemprop=\"dateModified\" itemtype=\"https:\/\/schema.org\/dateModified\" >2023-11-02 17:09:11<\/span><span class='av-structured-data'  itemprop=\"mainEntityOfPage\" itemtype=\"https:\/\/schema.org\/mainEntityOfPage\" ><span itemprop='name'>Jornada sobre riesgo el\u00e9ctrico en colaboraci\u00f3n con CEBEK<\/span><\/span><\/span><\/article><article class='slide-entry flex_column  post-entry post-entry-1454 slide-entry-overview slide-loop-3 slide-parity-odd  post-entry-last  av_one_third  real-thumbnail posttype-post post-format-standard'  itemscope=\"itemscope\" itemtype=\"https:\/\/schema.org\/CreativeWork\" ><a href='http:\/\/www.ifprl.com\/eu\/publicado-el-iv-convenio-de-la-industria-las-nuevas-tecnologias-y-los-servicios-del-sector-metal\/' data-rel='slide-1' class='slide-image' title='Publicado el IV convenio de la industria, las nuevas tecnolog\u00edas y los servicios del sector metal'><img width=\"495\" height=\"301\" src=\"http:\/\/www.ifprl.com\/wp-content\/uploads\/2022\/01\/Convencio-metal-495x301.jpg\" class=\"wp-image-1211 avia-img-lazy-loading-not-1211 attachment-portfolio size-portfolio wp-post-image\" alt=\"\" \/><\/a><div class=\"slide-content\"><header class=\"entry-content-header\" aria-label=\"Slide: Publicado el IV convenio de la industria, las nuevas tecnolog\u00edas y los servicios del sector metal\"><h3 class='slide-entry-title entry-title '  itemprop=\"headline\" ><a href='http:\/\/www.ifprl.com\/eu\/publicado-el-iv-convenio-de-la-industria-las-nuevas-tecnologias-y-los-servicios-del-sector-metal\/' title='Publicado el IV convenio de la industria, las nuevas tecnolog\u00edas y los servicios del sector metal'>Publicado el IV convenio de la industria, las nuevas tecnolog\u00edas y los servicios del sector metal<\/a><\/h3><span class=\"av-vertical-delimiter\"><\/span><\/header><div class=\"slide-meta\"><time class='slide-meta-time updated'  itemprop=\"datePublished\" datetime=\"2022-01-17T13:00:57+00:00\" >17 January, 2022<\/time><\/div><div class='slide-entry-excerpt entry-content'  itemprop=\"text\" ><div class=\"read-more-link\"><a href=\"http:\/\/www.ifprl.com\/eu\/publicado-el-iv-convenio-de-la-industria-las-nuevas-tecnologias-y-los-servicios-del-sector-metal\/\" class=\"more-link\">Read more<span class=\"more-link-arrow\"><\/span><\/a><\/div><\/div><\/div><footer class=\"entry-footer\"><\/footer><span class='hidden'>\n\t\t\t\t<span class='av-structured-data'  itemprop=\"image\" itemscope=\"itemscope\" itemtype=\"https:\/\/schema.org\/ImageObject\" >\n\t\t\t\t\t\t<span itemprop='url'>http:\/\/www.ifprl.com\/wp-content\/uploads\/2022\/01\/Convencio-metal.jpg<\/span>\n\t\t\t\t\t\t<span itemprop='height'>301<\/span>\n\t\t\t\t\t\t<span itemprop='width'>800<\/span>\n\t\t\t\t<\/span>\n\t\t\t\t<span class='av-structured-data'  itemprop=\"publisher\" itemtype=\"https:\/\/schema.org\/Organization\" itemscope=\"itemscope\" >\n\t\t\t\t\t\t<span itemprop='name'>IFPRL<\/span>\n\t\t\t\t\t\t<span itemprop='logo' itemscope itemtype='https:\/\/schema.org\/ImageObject'>\n\t\t\t\t\t\t\t<span itemprop='url'>http:\/\/ifprl.com\/wp-content\/uploads\/2018\/09\/IFPRL-logo-p.jpg<\/span>\n\t\t\t\t\t\t<\/span>\n\t\t\t\t<\/span><span class='av-structured-data'  itemprop=\"author\" itemscope=\"itemscope\" itemtype=\"https:\/\/schema.org\/Person\" ><span itemprop='name'>IFPRL<\/span><\/span><span class='av-structured-data'  itemprop=\"datePublished\" datetime=\"2018-09-19T11:46:15+00:00\" >2022-01-17 13:00:57<\/span><span class='av-structured-data'  itemprop=\"dateModified\" itemtype=\"https:\/\/schema.org\/dateModified\" >2022-06-16 16:41:58<\/span><span class='av-structured-data'  itemprop=\"mainEntityOfPage\" itemtype=\"https:\/\/schema.org\/mainEntityOfPage\" ><span itemprop='name'>Publicado el IV convenio de la industria, las nuevas tecnolog\u00edas y los servicios del sector metal<\/span><\/span><\/span><\/article><\/div><\/div><\/div><\/p><\/div>\n<\/div><\/div><\/div><!-- close content main div --><\/div><\/div><\/div><div id='after_section_3'  class='main_color av_default_container_wrap container_wrap sidebar_right'  ><div class='container av-section-cont-open' ><div class='template-page content  av-content-small alpha units'><div class='post-entry post-entry-type-page post-entry-1238'><div class='entry-content-wrapper clearfix'>\n\n<\/div><\/div><\/div><!-- close content main div --><\/div><\/div>\n<style type=\"text\/css\" data-created_by=\"avia_inline_auto\" id=\"style-css-av-av_section-a00b439842ea9775e6927e93680d28d4\">\n.avia-section.av-av_section-a00b439842ea9775e6927e93680d28d4{\nbackground-color:#f2f2f2;\nbackground-image:unset;\n}\n<\/style>\n<div id='av_section_4'  class='avia-section av-av_section-a00b439842ea9775e6927e93680d28d4 main_color avia-section-default avia-no-shadow  avia-builder-el-24  el_after_av_codeblock  el_before_av_section  avia-bg-style-scroll container_wrap sidebar_right'  ><div class='container av-section-cont-open' ><div class='template-page content  av-content-small alpha units'><div class='post-entry post-entry-type-page post-entry-1238'><div class='entry-content-wrapper clearfix'>\n<div  class='flex_column av-av_one_half-7714eba142aeda1f8b5272a3c372b279 av_one_half  avia-builder-el-25  el_before_av_one_half  avia-builder-el-first  first flex_column_div  '     ><div  class='avia-video av-av_video-626820638201e95c009196854e4e2070 avia-video-16-9 av-no-preview-image avia-video-load-always av-lazyload-immediate av-lazyload-video-embed'  itemprop=\"video\" itemtype=\"https:\/\/schema.org\/VideoObject\"  data-original_url='https:\/\/www.youtube.com\/watch?v=B74Psd3l_54'><script type='text\/html' class='av-video-tmpl'><div class='avia-iframe-wrap'><iframe title=\"IFPRL _presentaci\u00f3n\" width=\"1500\" height=\"844\" src=\"https:\/\/www.youtube.com\/embed\/B74Psd3l_54?feature=oembed&autoplay=0&loop=0&controls=1&mute=0\" frameborder=\"0\" allow=\"accelerometer; autoplay; clipboard-write; encrypted-media; gyroscope; picture-in-picture; web-share\" allowfullscreen><\/iframe><\/div><\/script><div class='av-click-to-play-overlay'><div class=\"avia_playpause_icon\"><\/div><\/div><\/div><\/div><div  class='flex_column av-av_one_half-f1c518e9ff58e869f80c8f093487abc9 av_one_half  avia-builder-el-27  el_after_av_one_half  el_before_av_hr  flex_column_div  '     ><p>\n<style type=\"text\/css\" data-created_by=\"avia_inline_auto\" id=\"style-css-av-av_image-4fcb2242c6f74a10e6180daf041ec415\">\n.avia-image-container.av-av_image-4fcb2242c6f74a10e6180daf041ec415 img.avia_image{\nbox-shadow:none;\n}\n.avia-image-container.av-av_image-4fcb2242c6f74a10e6180daf041ec415 .av-image-caption-overlay-center{\ncolor:#ffffff;\n}\n<\/style>\n<div  class='avia-image-container av-av_image-4fcb2242c6f74a10e6180daf041ec415 av-styling- avia-align-center  avia-builder-el-28  el_before_av_textblock  avia-builder-el-first '   itemprop=\"image\" itemscope=\"itemscope\" itemtype=\"https:\/\/schema.org\/ImageObject\" ><div class=\"avia-image-container-inner\"><div class=\"avia-image-overlay-wrap\"><img class='wp-image-985 avia-img-lazy-loading-not-985 avia_image ' src=\"http:\/\/www.ifprl.com\/wp-content\/uploads\/2018\/09\/Gravatar.png\" alt='' title='Gravatar'  height=\"80\" width=\"80\"  itemprop=\"thumbnailUrl\" srcset=\"http:\/\/www.ifprl.com\/wp-content\/uploads\/2018\/09\/Gravatar.png 80w, http:\/\/www.ifprl.com\/wp-content\/uploads\/2018\/09\/Gravatar-36x36.png 36w\" sizes=\"(max-width: 80px) 100vw, 80px\" \/><\/div><\/div><\/div><br \/>\n<section  class='av_textblock_section av-b8wbo-92de91d47db85b9c30a930d6085321c9 '   itemscope=\"itemscope\" itemtype=\"https:\/\/schema.org\/CreativeWork\" ><div class='avia_textblock'  itemprop=\"text\" ><p class=\"p1\">Lan Arriskuen Heziketa Praktikoaren Institutua (LAHPI) Kanpoko Prebentzio Zerbitzua da, 2004an sortua, hainbat arlotako prestakuntza teoriko-praktikoan espezializatu dena; makina mugikorrak maneiatzea, altuerako eta gune konfinatuetako lanak, elektrizitate-inguruneetako lanak, eraikuntzarako makinak maneiatzea, eta abar.<span class=\"Apple-converted-space\">\u00a0<\/span><\/p>\n<\/div><\/section><\/p><\/div>\n<style type=\"text\/css\" data-created_by=\"avia_inline_auto\" id=\"style-css-av-av_hr-578efa8676ae63bebab4a8c7067e35c8\">\n#top .hr.hr-invisible.av-av_hr-578efa8676ae63bebab4a8c7067e35c8{\nheight:30px;\n}\n<\/style>\n<div  class='hr av-av_hr-578efa8676ae63bebab4a8c7067e35c8 hr-invisible  avia-builder-el-30  el_after_av_one_half  avia-builder-el-last '><span class='hr-inner '><span class=\"hr-inner-style\"><\/span><\/span><\/div>\n\n<\/div><\/div><\/div><!-- close content main div --><\/div><\/div>\n<style type=\"text\/css\" data-created_by=\"avia_inline_auto\" id=\"style-css-av-9lfco-6a52fb718ad5e587b1b88deea1c514fc\">\n.avia-section.av-9lfco-6a52fb718ad5e587b1b88deea1c514fc{\nbackground-repeat:no-repeat;\nbackground-image:url(http:\/\/www.ifprl.com\/wp-content\/uploads\/2018\/09\/IFPRL\u00a9-r.jpg);\nbackground-position:50% 50%;\nbackground-attachment:fixed;\n}\n.avia-section.av-9lfco-6a52fb718ad5e587b1b88deea1c514fc .av-section-color-overlay{\nopacity:0.8;\nbackground-color:#feed01;\nbackground-image:url(http:\/\/www.ifprl.com\/wp-content\/themes\/enfold-24\/images\/background-images\/dots-for-light-background.png);\nbackground-repeat:repeat;\n}\n<\/style>\n<div id='av_section_5'  class='avia-section av-9lfco-6a52fb718ad5e587b1b88deea1c514fc main_color avia-section-default avia-no-shadow  avia-builder-el-31  el_after_av_section  el_before_av_section  avia-full-contain avia-bg-style-fixed av-section-color-overlay-active av-minimum-height av-minimum-height-custom av-height-custom  container_wrap sidebar_right'  data-section-bg-repeat='contain' data-av_minimum_height_px='300'><div class=\"av-section-color-overlay-wrap\"><div class=\"av-section-color-overlay\"><\/div><div class='container av-section-cont-open' style='height:300px'><div class='template-page content  av-content-small alpha units'><div class='post-entry post-entry-type-page post-entry-1238'><div class='entry-content-wrapper clearfix'>\n\n<style type=\"text\/css\" data-created_by=\"avia_inline_auto\" id=\"style-css-av-999p4-3538e0f415f4b84ed487b374348a95ce\">\n#top .av_textblock_section.av-999p4-3538e0f415f4b84ed487b374348a95ce .avia_textblock{\nfont-size:16px;\n}\n<\/style>\n<section  class='av_textblock_section av-999p4-3538e0f415f4b84ed487b374348a95ce '   itemscope=\"itemscope\" itemtype=\"https:\/\/schema.org\/CreativeWork\" ><div class='avia_textblock'  itemprop=\"text\" ><h3 style=\"text-align: center;\">Gure helburua<\/h3>\n<p class=\"p1\">Gure xedea erakundeekin lankidetzan aritzean datza, erakunde ororen oinarrizko zutabeetako bat lortzeko asmoz: <strong>Erakundea osatzen duten pertsonen segurtasuna eta osasuna bermatzea.<\/strong><\/p>\n<\/div><\/section>\n\n<style type=\"text\/css\" data-created_by=\"avia_inline_auto\" id=\"style-css-av-8f09o-e35cdaebfb5ed54b37be344e3aca305e\">\n.avia-image-container.av-8f09o-e35cdaebfb5ed54b37be344e3aca305e img.avia_image{\nbox-shadow:none;\n}\n.avia-image-container.av-8f09o-e35cdaebfb5ed54b37be344e3aca305e .av-image-caption-overlay-center{\ncolor:#ffffff;\n}\n<\/style>\n<div  class='avia-image-container av-8f09o-e35cdaebfb5ed54b37be344e3aca305e av-styling- avia-align-center  avia-builder-el-33  el_after_av_textblock  avia-builder-el-last '   itemprop=\"image\" itemscope=\"itemscope\" itemtype=\"https:\/\/schema.org\/ImageObject\" ><div class=\"avia-image-container-inner\"><div class=\"avia-image-overlay-wrap\"><img class='wp-image-979 avia-img-lazy-loading-not-979 avia_image ' src=\"http:\/\/www.ifprl.com\/wp-content\/uploads\/2018\/09\/IFPRL-logo-bn.png\" alt='' title='IFPRL-logo-bn'  height=\"95\" width=\"200\"  itemprop=\"thumbnailUrl\"  \/><\/div><\/div><\/div>\n\n<\/div><\/div><\/div><!-- close content main div --><\/div><\/div><\/div>\n<style type=\"text\/css\" data-created_by=\"avia_inline_auto\" id=\"style-css-av-sufs-d25142ae631e5e5cee1bf8cfec6de575\">\n.avia-section.av-sufs-d25142ae631e5e5cee1bf8cfec6de575{\nbackground-color:#f2f2f2;\nbackground-image:unset;\n}\n<\/style>\n<div id='av_section_6'  class='avia-section av-sufs-d25142ae631e5e5cee1bf8cfec6de575 main_color avia-section-default avia-no-shadow  avia-builder-el-34  el_after_av_section  el_before_av_section  avia-bg-style-scroll container_wrap sidebar_right'  ><div class='container av-section-cont-open' ><div class='template-page content  av-content-small alpha units'><div class='post-entry post-entry-type-page post-entry-1238'><div class='entry-content-wrapper clearfix'>\n<section  class='av_textblock_section av-7c0kc-c796784aecc9dcf15c6c55eec207aad6 '   itemscope=\"itemscope\" itemtype=\"https:\/\/schema.org\/CreativeWork\" ><div class='avia_textblock'  itemprop=\"text\" ><p class=\"p1\">Helburu hori lortzeko prestakuntza espezifikoa eta espezializatua eskaintzen dugu, bezero bakoitzaren premietara eta errealitatera moldatua.<\/p>\n<p class=\"p2\"><strong>Hona hemen prestakuntzaren helburuak:<\/strong><\/p>\n<p style=\"text-align: center;\">\n<\/div><\/section>\n<div  class='avia-table av-6pnmk-458eb7f5d33d8297dff3705ac107faf7 main_color avia-pricing-table-container avia_pricing_minimal  avia-builder-el-36  el_after_av_textblock  avia-builder-el-last  avia-table-1'  itemscope=\"itemscope\" itemtype=\"https:\/\/schema.org\/Table\" ><div class=\"pricing-table-wrap\"><ul class='pricing-table avia-center-col'><li class=''><div class='first-table-item'>Langileei prestakuntza ematea, beren eguneroko zereginak modu seguruago eta eraginkorragoan betetzeko aplikatu behar dituzten arauei, teknikei eta prozedurei buruz.<br \/><\/div><span class='pricing-extra'><\/span><\/li><li class=''>Erakundeetan segurtasunaren kultura sortzen eta finkatzen laguntzea.<\/li><li class=''>Indarrean dagoen araudia betetzea.<\/li><\/ul><\/div><\/div>\n\n<\/div><\/div><\/div><!-- close content main div --><\/div><\/div>\n<style type=\"text\/css\" data-created_by=\"avia_inline_auto\" id=\"style-css-av-2swvs-3d81364211876419742aae3745a79e7d\">\n.avia-section.av-2swvs-3d81364211876419742aae3745a79e7d{\nbackground-color:#919191;\nbackground-image:unset;\n}\n.avia-section.av-2swvs-3d81364211876419742aae3745a79e7d .av-section-color-overlay{\nopacity:0.5;\nbackground-color:#0a0a0a;\nbackground-image:url(http:\/\/www.ifprl.com\/wp-content\/themes\/enfold-24\/images\/background-images\/wool-diagonal-for-dark-background.png);\nbackground-repeat:repeat;\n}\n<\/style>\n<div id='av_section_7'  class='avia-section av-2swvs-3d81364211876419742aae3745a79e7d main_color avia-section-default avia-no-shadow  avia-builder-el-37  el_after_av_section  avia-builder-el-last  avia-bg-style-scroll av-section-color-overlay-active av-minimum-height av-minimum-height-custom av-height-custom  container_wrap sidebar_right'   data-av_minimum_height_px='50'><div class=\"av-section-color-overlay-wrap\"><div class=\"av-section-color-overlay\"><\/div><div class='container av-section-cont-open' style='height:50px'><div class='template-page content  av-content-small alpha units'><div class='post-entry post-entry-type-page post-entry-1238'><div class='entry-content-wrapper clearfix'>\n\n<style type=\"text\/css\" data-created_by=\"avia_inline_auto\" id=\"style-css-av-27m28-55c79ea95d0972992a41ad05db0d29c9\">\n.avia-image-container.av-27m28-55c79ea95d0972992a41ad05db0d29c9 img.avia_image{\nbox-shadow:none;\n}\n.avia-image-container.av-27m28-55c79ea95d0972992a41ad05db0d29c9 .av-image-caption-overlay-center{\ncolor:#ffffff;\n}\n<\/style>\n<div  class='avia-image-container av-27m28-55c79ea95d0972992a41ad05db0d29c9 av-styling- avia-align-center  avia-builder-el-38  el_before_av_textblock  avia-builder-el-first '   itemprop=\"image\" itemscope=\"itemscope\" itemtype=\"https:\/\/schema.org\/ImageObject\" ><div class=\"avia-image-container-inner\"><div class=\"avia-image-overlay-wrap\"><img class='wp-image-985 avia-img-lazy-loading-not-985 avia_image ' src=\"http:\/\/www.ifprl.com\/wp-content\/uploads\/2018\/09\/Gravatar.png\" alt='' title='Gravatar'  height=\"80\" width=\"80\"  itemprop=\"thumbnailUrl\" srcset=\"http:\/\/www.ifprl.com\/wp-content\/uploads\/2018\/09\/Gravatar.png 80w, http:\/\/www.ifprl.com\/wp-content\/uploads\/2018\/09\/Gravatar-36x36.png 36w\" sizes=\"(max-width: 80px) 100vw, 80px\" \/><\/div><\/div><\/div>\n\n<style type=\"text\/css\" data-created_by=\"avia_inline_auto\" id=\"style-css-av-1albs-d21f1be6865b2ca975e2b211cb06080c\">\n#top .av_textblock_section.av-1albs-d21f1be6865b2ca975e2b211cb06080c .avia_textblock{\nfont-size:17px;\n}\n<\/style>\n<section  class='av_textblock_section av-1albs-d21f1be6865b2ca975e2b211cb06080c '   itemscope=\"itemscope\" itemtype=\"https:\/\/schema.org\/CreativeWork\" ><div class='avia_textblock'  itemprop=\"text\" ><p style=\"text-align: center;\"><span style=\"color: #feed01;\">IFPRL ENPRESARI-TALDE BATETIK SORTU DA, ENPRESEI ZERBITZUAK EMATEKO ASMOZ. <\/span><\/p>\n<\/div><\/section>\n<section  class='av_textblock_section av-rzng-526da44a9c78d3854e4dc9903a577022 '   itemscope=\"itemscope\" itemtype=\"https:\/\/schema.org\/CreativeWork\" ><div class='avia_textblock'  itemprop=\"text\" ><p><a name=\"Instalaciones\"><\/a><\/p>\n<\/div><\/section>\n<\/div><\/div><\/div><!-- close content main div --><\/div><\/div><\/div><div id='after_section_7'  class='main_color av_default_container_wrap container_wrap sidebar_right'  ><div class='container av-section-cont-open' ><div class='template-page content  av-content-small alpha units'><div class='post-entry post-entry-type-page post-entry-1238'><div class='entry-content-wrapper clearfix'>\n","protected":false},"excerpt":{"rendered":"","protected":false},"author":2,"featured_media":0,"parent":0,"menu_order":0,"comment_status":"closed","ping_status":"closed","template":"","meta":[],"_links":{"self":[{"href":"http:\/\/www.ifprl.com\/eu\/wp-json\/wp\/v2\/pages\/1238"}],"collection":[{"href":"http:\/\/www.ifprl.com\/eu\/wp-json\/wp\/v2\/pages"}],"about":[{"href":"http:\/\/www.ifprl.com\/eu\/wp-json\/wp\/v2\/types\/page"}],"author":[{"embeddable":true,"href":"http:\/\/www.ifprl.com\/eu\/wp-json\/wp\/v2\/users\/2"}],"replies":[{"embeddable":true,"href":"http:\/\/www.ifprl.com\/eu\/wp-json\/wp\/v2\/comments?post=1238"}],"version-history":[{"count":0,"href":"http:\/\/www.ifprl.com\/eu\/wp-json\/wp\/v2\/pages\/1238\/revisions"}],"wp:attachment":[{"href":"http:\/\/www.ifprl.com\/eu\/wp-json\/wp\/v2\/media?parent=1238"}],"curies":[{"name":"wp","href":"https:\/\/api.w.org\/{rel}","templated":true}]}}